{"id":900,"date":"2025-02-12T09:07:33","date_gmt":"2025-02-12T08:07:33","guid":{"rendered":"https:\/\/panoramafuggony.hu\/?page_id=900"},"modified":"2025-02-12T09:20:45","modified_gmt":"2025-02-12T08:20:45","slug":"adatvedelmi-szabalyzat","status":"publish","type":"page","link":"https:\/\/panoramafuggony.hu\/index.php\/adatvedelmi-szabalyzat\/","title":{"rendered":"Adatv\u00e9delmi szab\u00e1lyzat"},"content":{"rendered":"\t\t<div data-elementor-type=\"wp-page\" data-elementor-id=\"900\" class=\"elementor elementor-900\" data-elementor-post-type=\"page\">\n\t\t\t\t<div class=\"elementor-element elementor-element-829d59c e-flex e-con-boxed wpr-particle-no wpr-jarallax-no wpr-parallax-no wpr-sticky-section-no e-con e-parent\" data-id=\"829d59c\" data-element_type=\"container\" data-e-type=\"container\">\n\t\t\t\t\t<div class=\"e-con-inner\">\n\t\t\t\t<div class=\"elementor-element elementor-element-beb18f5 elementor-widget elementor-widget-spacer\" data-id=\"beb18f5\" data-element_type=\"widget\" data-e-type=\"widget\" data-widget_type=\"spacer.default\">\n\t\t\t\t<div class=\"elementor-widget-container\">\n\t\t\t\t\t\t\t<div class=\"elementor-spacer\">\n\t\t\t<div class=\"elementor-spacer-inner\"><\/div>\n\t\t<\/div>\n\t\t\t\t\t\t<\/div>\n\t\t\t\t<\/div>\n\t\t\t\t<div class=\"elementor-element elementor-element-096ebdb elementor-widget elementor-widget-heading\" data-id=\"096ebdb\" data-element_type=\"widget\" data-e-type=\"widget\" data-widget_type=\"heading.default\">\n\t\t\t\t<div class=\"elementor-widget-container\">\n\t\t\t\t\t<h2 class=\"elementor-heading-title elementor-size-default\">ADATV\u00c9DELMI SZAB\u00c1LYZAT<\/h2>\t\t\t\t<\/div>\n\t\t\t\t<\/div>\n\t\t\t\t<div class=\"elementor-element elementor-element-d61797c elementor-widget elementor-widget-spacer\" data-id=\"d61797c\" data-element_type=\"widget\" data-e-type=\"widget\" data-widget_type=\"spacer.default\">\n\t\t\t\t<div class=\"elementor-widget-container\">\n\t\t\t\t\t\t\t<div class=\"elementor-spacer\">\n\t\t\t<div class=\"elementor-spacer-inner\"><\/div>\n\t\t<\/div>\n\t\t\t\t\t\t<\/div>\n\t\t\t\t<\/div>\n\t\t\t\t<div class=\"elementor-element elementor-element-a56b342 elementor-widget elementor-widget-text-editor\" data-id=\"a56b342\" data-element_type=\"widget\" data-e-type=\"widget\" data-widget_type=\"text-editor.default\">\n\t\t\t\t<div class=\"elementor-widget-container\">\n\t\t\t\t\t\t\t\t\t<p style=\"font-variant-ligatures: normal; font-variant-caps: normal; font-family: Sora, sans-serif; font-size: 22px; font-style: normal; font-weight: 400;\" data-pm-slice=\"1 1 []\"><em style=\"font-size: 22px;\">Ezt az adatv\u00e9delmi nyilatkozatot legut\u00f3bb 2025. febru\u00e1r 6-\u00e1n friss\u00edtett\u00e9k, \u00e9s az Eur\u00f3pai Gazdas\u00e1gi T\u00e9rs\u00e9g \u00e9s Sv\u00e1jc \u00e1llampolg\u00e1raira \u00e9s t\u00f6rv\u00e9nyes \u00e1lland\u00f3 lakosaira vonatkozik.<\/em><\/p><p style=\"font-variant-ligatures: normal; font-variant-caps: normal; font-family: Sora, sans-serif; font-size: 22px; font-style: normal; font-weight: 400;\">Ebben az adatv\u00e9delmi nyilatkozatban elmagyar\u00e1zzuk, mit tesz\u00fcnk az \u00d6nr\u0151l panoramafuggony.hu weboldalon kereszt\u00fcl megszerzett adatokkal. Javasoljuk, hogy figyelmesen olvassa el ezt a nyilatkozatot. Feldolgoz\u00e1sunk sor\u00e1n betartjuk az adatv\u00e9delmi jogszab\u00e1lyok el\u0151\u00edr\u00e1sait. Ez t\u00f6bbek k\u00f6z\u00f6tt azt jelenti, hogy:<\/p><ul class=\"ak-ul\" style=\"font-variant-ligatures: normal; font-variant-caps: normal; font-family: Sora, sans-serif; font-size: 22px; font-style: normal; font-weight: 400;\"><li style=\"font-size: 22px;\"><p style=\"font-size: 22px;\">egy\u00e9rtelm\u0171en meghat\u00e1rozzuk, hogy milyen c\u00e9lb\u00f3l kezelj\u00fck a szem\u00e9lyes adatokat. Ezt ezen adatv\u00e9delmi nyilatkozat seg\u00edts\u00e9g\u00e9vel tessz\u00fck;<\/p><\/li><li style=\"font-size: 22px;\"><p style=\"font-size: 22px;\">t\u00f6reksz\u00fcnk arra, hogy a szem\u00e9lyes adatok gy\u0171jt\u00e9s\u00e9t csak a t\u00f6rv\u00e9nyes c\u00e9lokhoz sz\u00fcks\u00e9ges szem\u00e9lyes adatokra korl\u00e1tozzuk;<\/p><\/li><li style=\"font-size: 22px;\"><p style=\"font-size: 22px;\">el\u0151sz\u00f6r kifejezett hozz\u00e1j\u00e1rul\u00e1s\u00e1t k\u00e9rj\u00fck szem\u00e9lyes adatainak feldolgoz\u00e1s\u00e1hoz az \u00d6n hozz\u00e1j\u00e1rul\u00e1s\u00e1t ig\u00e9nyl\u0151 esetekben;<\/p><\/li><li style=\"font-size: 22px;\"><p style=\"font-size: 22px;\">megfelel\u0151 biztons\u00e1gi int\u00e9zked\u00e9seket tesz\u00fcnk az \u00d6n szem\u00e9lyes adatainak v\u00e9delme \u00e9rdek\u00e9ben, \u00e9s ezt megk\u00f6vetelj\u00fck azokt\u00f3l a felekt\u0151l is, amelyek a nev\u00fcnkben szem\u00e9lyes adatokat dolgoznak fel;<\/p><\/li><li style=\"font-size: 22px;\"><p style=\"font-size: 22px;\">tiszteletben tartjuk az \u00d6n szem\u00e9lyes adataihoz val\u00f3 hozz\u00e1f\u00e9r\u00e9si jog\u00e1t, illetve k\u00e9r\u00e9s\u00e9re azok helyesb\u00edt\u00e9s\u00e9t vagy t\u00f6rl\u00e9s\u00e9t.<\/p><\/li><\/ul><p style=\"font-variant-ligatures: normal; font-variant-caps: normal; font-family: Sora, sans-serif; font-size: 22px; font-style: normal; font-weight: 400;\">Ha k\u00e9rd\u00e9se van, vagy szeretn\u00e9 tudni, hogy pontosan milyen adatokat t\u00e1rolunk \u00d6nr\u0151l, forduljon hozz\u00e1nk.<\/p><h1 style=\"font-variant-ligatures: normal; font-variant-caps: normal; font-family: Sora, sans-serif; font-style: normal; color: #333333;\"><u style=\"font-size: 23px;\">1. C\u00e9l, adatok \u00e9s meg\u0151rz\u00e9si id\u0151<\/u><\/h1><p style=\"font-variant-ligatures: normal; font-variant-caps: normal; font-family: Sora, sans-serif; font-size: 22px; font-style: normal; font-weight: 400;\">Szem\u00e9lyes adatokat gy\u0171jthet\u00fcnk vagy kaphatunk sz\u00e1mos \u00fczleti tev\u00e9kenys\u00e9g\u00fcnkkel kapcsolatos c\u00e9lb\u00f3l, amelyek a k\u00f6vetkez\u0151k lehetnek: (kattintson a kibont\u00e1shoz)<\/p><h1 style=\"font-variant-ligatures: normal; font-variant-caps: normal; font-family: Sora, sans-serif; font-style: normal; color: #333333;\"><u style=\"font-size: 23px;\">1.1 Kapcsolatfelv\u00e9tel \u2013 Telefonon, e-mailen, e-mailen \u00e9s\/vagy webes \u0171rlapokon kereszt\u00fcl<\/u><\/h1><p style=\"font-variant-ligatures: normal; font-variant-caps: normal; font-family: Sora, sans-serif; font-size: 22px; font-style: normal; font-weight: 400;\"><span style=\"font-size: 22px; font-weight: bolder;\">Ebb\u0151l a c\u00e9lb\u00f3l az al\u00e1bbi adatokat haszn\u00e1ljuk fel:<\/span><\/p><ul class=\"ak-ul\" style=\"font-variant-ligatures: normal; font-variant-caps: normal; font-family: Sora, sans-serif; font-size: 22px; font-style: normal; font-weight: 400;\"><li style=\"font-size: 22px;\"><p style=\"font-size: 22px;\">Egy email c\u00edmet<\/p><\/li><li style=\"font-size: 22px;\"><p style=\"font-size: 22px;\">IP-c\u00edm<\/p><\/li><li style=\"font-size: 22px;\"><p style=\"font-size: 22px;\">Internetes tev\u00e9kenys\u00e9gekkel kapcsolatos inform\u00e1ci\u00f3k, bele\u00e9rtve, de nem kiz\u00e1r\u00f3lagosan, a b\u00f6ng\u00e9sz\u00e9si el\u0151zm\u00e9nyeket, a keres\u00e9si el\u0151zm\u00e9nyeket, valamint a fogyaszt\u00f3 internetes webhelyekkel, alkalmaz\u00e1sokkal vagy hirdet\u00e9sekkel val\u00f3 interakci\u00f3j\u00e1ra vonatkoz\u00f3 inform\u00e1ci\u00f3kat<\/p><\/li><\/ul><p style=\"font-variant-ligatures: normal; font-variant-caps: normal; font-family: Sora, sans-serif; font-size: 22px; font-style: normal; font-weight: 400;\"><span style=\"font-size: 22px; font-weight: bolder;\">Ezen adatok feldolgoz\u00e1s\u00e1nak alapja:<\/span><\/p><p style=\"font-variant-ligatures: normal; font-variant-caps: normal; font-family: Sora, sans-serif; font-size: 22px; font-style: normal; font-weight: 400;\">Olyan szerz\u0151d\u00e9s teljes\u00edt\u00e9s\u00e9hez vagy olyan szerz\u0151d\u00e9ssel kapcsolatos el\u0151zetes elj\u00e1r\u00e1sokhoz sz\u00fcks\u00e9ges, amelyben az \u00e9rintett szerz\u0151d\u0151 f\u00e9l.<\/p><p style=\"font-variant-ligatures: normal; font-variant-caps: normal; font-family: Sora, sans-serif; font-size: 22px; font-style: normal; font-weight: 400;\"><span style=\"font-size: 22px; font-weight: bolder;\">Megtart\u00e1si id\u0151szak<\/span><\/p><p style=\"font-variant-ligatures: normal; font-variant-caps: normal; font-family: Sora, sans-serif; font-size: 22px; font-style: normal; font-weight: 400;\">Ezeket az adatokat a szolg\u00e1ltat\u00e1s megsz\u0171n\u00e9s\u00e9ig \u0151rizz\u00fck.<\/p><h1 style=\"font-variant-ligatures: normal; font-variant-caps: normal; font-family: Sora, sans-serif; font-style: normal; color: #333333;\"><u style=\"font-size: 23px;\">1.2 Olyan szolg\u00e1ltat\u00e1sok vagy term\u00e9kek t\u00e1mogat\u00e1sa, amelyeket az \u00fcgyf\u00e9l v\u00e1s\u00e1rolni szeretne vagy v\u00e1s\u00e1rolt<\/u><\/h1><p style=\"font-variant-ligatures: normal; font-variant-caps: normal; font-family: Sora, sans-serif; font-size: 22px; font-style: normal; font-weight: 400;\">Ebb\u0151l a c\u00e9lb\u00f3l az al\u00e1bbi adatokat haszn\u00e1ljuk fel:<\/p><ul class=\"ak-ul\" style=\"font-variant-ligatures: normal; font-variant-caps: normal; font-family: Sora, sans-serif; font-size: 22px; font-style: normal; font-weight: 400;\"><li style=\"font-size: 22px;\"><p style=\"font-size: 22px;\">Ut\u00f3- \u00e9s vezet\u00e9kn\u00e9v<\/p><\/li><li style=\"font-size: 22px;\"><p style=\"font-size: 22px;\">Egy email c\u00edmet<\/p><\/li><li style=\"font-size: 22px;\"><p style=\"font-size: 22px;\">IP-c\u00edm<\/p><\/li><\/ul><p style=\"font-variant-ligatures: normal; font-variant-caps: normal; font-family: Sora, sans-serif; font-size: 22px; font-style: normal; font-weight: 400;\"><span style=\"font-size: 22px; font-weight: bolder;\">Ezen adatok feldolgoz\u00e1s\u00e1nak alapja:<\/span><\/p><p style=\"font-variant-ligatures: normal; font-variant-caps: normal; font-family: Sora, sans-serif; font-size: 22px; font-style: normal; font-weight: 400;\">Olyan szerz\u0151d\u00e9s teljes\u00edt\u00e9s\u00e9hez vagy olyan szerz\u0151d\u00e9ssel kapcsolatos el\u0151zetes elj\u00e1r\u00e1sokhoz sz\u00fcks\u00e9ges, amelyben az \u00e9rintett szerz\u0151d\u0151 f\u00e9l.<\/p><p style=\"font-variant-ligatures: normal; font-variant-caps: normal; font-family: Sora, sans-serif; font-size: 22px; font-style: normal; font-weight: 400;\"><span style=\"font-size: 22px; font-weight: bolder;\">Megtart\u00e1si id\u0151szak<\/span><\/p><p style=\"font-variant-ligatures: normal; font-variant-caps: normal; font-family: Sora, sans-serif; font-size: 22px; font-style: normal; font-weight: 400;\">Ezeket az adatokat a szolg\u00e1ltat\u00e1s megsz\u0171n\u00e9s\u00e9ig \u0151rizz\u00fck.<\/p><h1 style=\"font-variant-ligatures: normal; font-variant-caps: normal; font-family: Sora, sans-serif; font-style: normal; color: #333333;\"><u style=\"font-size: 23px;\">1.3 Statisztik\u00e1k \u00f6ssze\u00e1ll\u00edt\u00e1sa \u00e9s elemz\u00e9se a webhely fejleszt\u00e9se \u00e9rdek\u00e9ben.<\/u><\/h1><p style=\"font-variant-ligatures: normal; font-variant-caps: normal; font-family: Sora, sans-serif; font-size: 22px; font-style: normal; font-weight: 400;\"><span style=\"font-size: 22px; font-weight: bolder;\">Ebb\u0151l a c\u00e9lb\u00f3l az al\u00e1bbi adatokat haszn\u00e1ljuk fel:<\/span><\/p><ul class=\"ak-ul\" style=\"font-variant-ligatures: normal; font-variant-caps: normal; font-family: Sora, sans-serif; font-size: 22px; font-style: normal; font-weight: 400;\"><li style=\"font-size: 22px;\"><p style=\"font-size: 22px;\">Internetes tev\u00e9kenys\u00e9gekkel kapcsolatos inform\u00e1ci\u00f3k, bele\u00e9rtve, de nem kiz\u00e1r\u00f3lagosan, a b\u00f6ng\u00e9sz\u00e9si el\u0151zm\u00e9nyeket, a keres\u00e9si el\u0151zm\u00e9nyeket, valamint a fogyaszt\u00f3 internetes webhelyekkel, alkalmaz\u00e1sokkal vagy hirdet\u00e9sekkel val\u00f3 interakci\u00f3j\u00e1ra vonatkoz\u00f3 inform\u00e1ci\u00f3kat<\/p><\/li><\/ul><p style=\"font-variant-ligatures: normal; font-variant-caps: normal; font-family: Sora, sans-serif; font-size: 22px; font-style: normal; font-weight: 400;\"><span style=\"font-size: 22px; font-weight: bolder;\">Ezen adatok feldolgoz\u00e1s\u00e1nak alapja:<\/span><\/p><p style=\"font-variant-ligatures: normal; font-variant-caps: normal; font-family: Sora, sans-serif; font-size: 22px; font-style: normal; font-weight: 400;\">A hozz\u00e1j\u00e1rul\u00e1s megad\u00e1s\u00e1val.<\/p><p style=\"font-variant-ligatures: normal; font-variant-caps: normal; font-family: Sora, sans-serif; font-size: 22px; font-style: normal; font-weight: 400;\"><span style=\"font-size: 22px; font-weight: bolder;\">Megtart\u00e1si id\u0151szak<\/span><\/p><p style=\"font-variant-ligatures: normal; font-variant-caps: normal; font-family: Sora, sans-serif; font-size: 22px; font-style: normal; font-weight: 400;\">Ezeket az adatokat a szolg\u00e1ltat\u00e1s megsz\u0171n\u00e9sekor a k\u00f6vetkez\u0151 h\u00f3napokig \u0151rizz\u00fck meg: 12 h\u00f3nap<\/p><h1 style=\"font-variant-ligatures: normal; font-variant-caps: normal; font-family: Sora, sans-serif; font-style: normal; color: #333333;\"><u style=\"font-size: 23px;\">1.4 Adatok \u00e9rt\u00e9kes\u00edt\u00e9se vagy megoszt\u00e1sa harmadik f\u00e9llel<\/u><\/h1><p style=\"font-variant-ligatures: normal; font-variant-caps: normal; font-family: Sora, sans-serif; font-size: 22px; font-style: normal; font-weight: 400;\"><span style=\"font-size: 22px; font-weight: bolder;\">Ebb\u0151l a c\u00e9lb\u00f3l az al\u00e1bbi adatokat haszn\u00e1ljuk fel:<\/span><\/p><ul class=\"ak-ul\" style=\"font-variant-ligatures: normal; font-variant-caps: normal; font-family: Sora, sans-serif; font-size: 22px; font-style: normal; font-weight: 400;\"><li style=\"font-size: 22px;\"><p style=\"font-size: 22px;\">Internetes tev\u00e9kenys\u00e9gekkel kapcsolatos inform\u00e1ci\u00f3k, bele\u00e9rtve, de nem kiz\u00e1r\u00f3lagosan, a b\u00f6ng\u00e9sz\u00e9si el\u0151zm\u00e9nyeket, a keres\u00e9si el\u0151zm\u00e9nyeket, valamint a fogyaszt\u00f3 internetes webhelyekkel, alkalmaz\u00e1sokkal vagy hirdet\u00e9sekkel val\u00f3 interakci\u00f3j\u00e1ra vonatkoz\u00f3 inform\u00e1ci\u00f3kat<\/p><\/li><\/ul><p style=\"font-variant-ligatures: normal; font-variant-caps: normal; font-family: Sora, sans-serif; font-size: 22px; font-style: normal; font-weight: 400;\"><span style=\"font-size: 22px; font-weight: bolder;\">Ezen adatok feldolgoz\u00e1s\u00e1nak alapja:<\/span><\/p><p style=\"font-variant-ligatures: normal; font-variant-caps: normal; font-family: Sora, sans-serif; font-size: 22px; font-style: normal; font-weight: 400;\">Olyan szerz\u0151d\u00e9s teljes\u00edt\u00e9s\u00e9hez vagy olyan szerz\u0151d\u00e9ssel kapcsolatos el\u0151zetes elj\u00e1r\u00e1sokhoz sz\u00fcks\u00e9ges, amelyben az \u00e9rintett szerz\u0151d\u0151 f\u00e9l.<\/p><p style=\"font-variant-ligatures: normal; font-variant-caps: normal; font-family: Sora, sans-serif; font-size: 22px; font-style: normal; font-weight: 400;\"><span style=\"font-size: 22px; font-weight: bolder;\">Megtart\u00e1si id\u0151szak<\/span><\/p><p style=\"font-variant-ligatures: normal; font-variant-caps: normal; font-family: Sora, sans-serif; font-size: 22px; font-style: normal; font-weight: 400;\">A meg\u0151rz\u00e9si id\u0151szakot r\u00f6gz\u00edtett objekt\u00edv krit\u00e9riumok szerint hat\u00e1rozzuk meg: A gy\u0171jt\u00f6tt adatok domainek \u00e9s a domainen tal\u00e1lhat\u00f3 cookie-nevek. Ezeket kereszthivatkoz\u00e1sra haszn\u00e1lj\u00e1k, \u00e9s a cookie t\u00f6rl\u00e9sekor t\u00f6rl\u0151dnek. Ezeket az adatokat a cookie c\u00e9lj\u00e1nak \u00e9s funkci\u00f3inak kutat\u00e1s\u00e1ra haszn\u00e1ljuk fel, a domainre soha nem hivatkozunk a kutat\u00e1s sor\u00e1n, \u00e9s soha nem lesz megosztva. A cookie n\u00e9v, amely nyilv\u00e1nos adat, nem kapcsol\u00f3dik a felhaszn\u00e1l\u00f3hoz, \u00e9s a szolg\u00e1ltat\u00e1st\u00f3l elt\u00e9r\u0151 forr\u00e1s n\u00e9lk\u00fcl ker\u00fcl k\u00f6zz\u00e9t\u00e9telre.<\/p><h1 style=\"font-variant-ligatures: normal; font-variant-caps: normal; font-family: Sora, sans-serif; font-style: normal; color: #333333;\"><u style=\"font-size: 23px;\">2. Cookie-k<\/u><\/h1><p style=\"font-variant-ligatures: normal; font-variant-caps: normal; font-family: Sora, sans-serif; font-size: 22px; font-style: normal; font-weight: 400;\">Weboldalunk cookie-kat haszn\u00e1l. A cookie-kkal kapcsolatos tov\u00e1bbi inform\u00e1ci\u00f3k\u00e9rt tekintse meg\u00a0<a style=\"font-size: 22px; transition-property: all;\" href=\"https:\/\/biconiq.ai\/cookie-policy\/\">Cookie-szab\u00e1lyzatunkat<\/a>.<\/p><h1 style=\"font-variant-ligatures: normal; font-variant-caps: normal; font-family: Sora, sans-serif; font-style: normal; color: #333333;\"><u style=\"font-size: 23px;\">3. K\u00f6zz\u00e9t\u00e9teli gyakorlat<\/u><\/h1><p style=\"font-variant-ligatures: normal; font-variant-caps: normal; font-family: Sora, sans-serif; font-size: 22px; font-style: normal; font-weight: 400;\">Szem\u00e9lyes adatokat akkor adunk ki, ha t\u00f6rv\u00e9ny vagy b\u00edr\u00f3s\u00e1gi v\u00e9gz\u00e9s, b\u0171n\u00fcld\u00f6z\u0151 szervnek v\u00e1laszul, az egy\u00e9b jogszab\u00e1lyi rendelkez\u00e9sek \u00e1ltal megengedett m\u00e9rt\u00e9kben adatszolg\u00e1ltat\u00e1sra vagy k\u00f6zbiztons\u00e1ggal kapcsolatos \u00fcgy vizsg\u00e1lat\u00e1ra k\u00f6teleznek benn\u00fcnket.<\/p><p style=\"font-variant-ligatures: normal; font-variant-caps: normal; font-family: Sora, sans-serif; font-size: 22px; font-style: normal; font-weight: 400;\">Ha webhely\u00fcnket vagy szervezet\u00fcnket \u00e1tveszik, eladj\u00e1k, vagy egyes\u00fcl\u00e9sben vagy felv\u00e1s\u00e1rl\u00e1sban vesznek r\u00e9szt, adatait felfedhetj\u00fck tan\u00e1csad\u00f3inkkal \u00e9s b\u00e1rmely lehets\u00e9ges v\u00e1s\u00e1rl\u00f3val, \u00e9s tov\u00e1bbadjuk az \u00faj tulajdonosoknak.<\/p><h1 style=\"font-variant-ligatures: normal; font-variant-caps: normal; font-family: Sora, sans-serif; font-style: normal; color: #333333;\"><u style=\"font-size: 23px;\">4. Biztons\u00e1g<\/u><\/h1><p style=\"font-variant-ligatures: normal; font-variant-caps: normal; font-family: Sora, sans-serif; font-size: 22px; font-style: normal; font-weight: 400;\">Elk\u00f6telezettek vagyunk a szem\u00e9lyes adatok biztons\u00e1ga mellett. Megfelel\u0151 biztons\u00e1gi int\u00e9zked\u00e9seket tesz\u00fcnk a szem\u00e9lyes adatokkal val\u00f3 vissza\u00e9l\u00e9s \u00e9s az azokhoz val\u00f3 jogosulatlan hozz\u00e1f\u00e9r\u00e9s korl\u00e1toz\u00e1sa \u00e9rdek\u00e9ben. Ez biztos\u00edtja, hogy csak a sz\u00fcks\u00e9ges szem\u00e9lyek f\u00e9rhessenek hozz\u00e1 az \u00d6n adataihoz, hogy az adatokhoz val\u00f3 hozz\u00e1f\u00e9r\u00e9s v\u00e9dett, \u00e9s biztons\u00e1gi int\u00e9zked\u00e9seinket rendszeresen fel\u00fclvizsg\u00e1ljuk.<\/p><h1 style=\"font-variant-ligatures: normal; font-variant-caps: normal; font-family: Sora, sans-serif; font-style: normal; color: #333333;\"><u style=\"font-size: 23px;\">5. Harmadik f\u00e9l webhelyei<\/u><\/h1><p style=\"font-variant-ligatures: normal; font-variant-caps: normal; font-family: Sora, sans-serif; font-size: 22px; font-style: normal; font-weight: 400;\">Ez az adatv\u00e9delmi nyilatkozat nem vonatkozik a weboldalunkon tal\u00e1lhat\u00f3 hivatkoz\u00e1sokkal \u00f6sszekapcsolt harmadik felek webhelyeire. Nem tudjuk garant\u00e1lni, hogy ezek a harmadik felek az \u00d6n szem\u00e9lyes adatait megb\u00edzhat\u00f3 vagy biztons\u00e1gos m\u00f3don kezelik. Javasoljuk, hogy olvassa el ezen webhelyek adatv\u00e9delmi nyilatkozatait, miel\u0151tt ezeket a webhelyeket haszn\u00e1ln\u00e1.<\/p><h1 style=\"font-variant-ligatures: normal; font-variant-caps: normal; font-family: Sora, sans-serif; font-style: normal; color: #333333;\"><u style=\"font-size: 23px;\">6. Jelen adatv\u00e9delmi nyilatkozat m\u00f3dos\u00edt\u00e1sai<\/u><\/h1><p style=\"font-variant-ligatures: normal; font-variant-caps: normal; font-family: Sora, sans-serif; font-size: 22px; font-style: normal; font-weight: 400;\">Fenntartjuk a jogot jelen adatv\u00e9delmi nyilatkozat m\u00f3dos\u00edt\u00e1s\u00e1ra. Javasoljuk, hogy rendszeresen olvassa el ezt az adatv\u00e9delmi nyilatkozatot, hogy t\u00e1j\u00e9koz\u00f3djon az esetleges v\u00e1ltoz\u00e1sokr\u00f3l. Emellett lehet\u0151s\u00e9g szerint akt\u00edvan t\u00e1j\u00e9koztatjuk \u00d6nt.<\/p><h1 style=\"font-variant-ligatures: normal; font-variant-caps: normal; font-family: Sora, sans-serif; font-style: normal; color: #333333;\"><u style=\"font-size: 23px;\">7. Az adatok el\u00e9r\u00e9se \u00e9s m\u00f3dos\u00edt\u00e1sa<\/u><\/h1><p style=\"font-variant-ligatures: normal; font-variant-caps: normal; font-family: Sora, sans-serif; font-size: 22px; font-style: normal; font-weight: 400;\">Ha b\u00e1rmilyen k\u00e9rd\u00e9se van, vagy szeretn\u00e9 tudni, hogy milyen szem\u00e9lyes adatokkal rendelkez\u00fcnk \u00d6nr\u0151l, k\u00e9rj\u00fck, l\u00e9pjen kapcsolatba vel\u00fcnk. Az al\u00e1bbi inform\u00e1ci\u00f3k seg\u00edts\u00e9g\u00e9vel veheti fel vel\u00fcnk a kapcsolatot. \u00d6n a k\u00f6vetkez\u0151 jogokkal rendelkezik:<\/p><ul class=\"ak-ul\" style=\"font-variant-ligatures: normal; font-variant-caps: normal; font-family: Sora, sans-serif; font-size: 22px; font-style: normal; font-weight: 400;\"><li style=\"font-size: 22px;\"><p style=\"font-size: 22px;\">\u00d6nnek joga van tudni, hogy mi\u00e9rt van sz\u00fcks\u00e9g szem\u00e9lyes adataira, mi t\u00f6rt\u00e9nik vel\u00fck, \u00e9s mennyi ideig \u0151rzik meg azokat.<\/p><\/li><li style=\"font-size: 22px;\"><p style=\"font-size: 22px;\">Hozz\u00e1f\u00e9r\u00e9si jog: \u00d6nnek joga van hozz\u00e1f\u00e9rni az \u00e1ltalunk ismert szem\u00e9lyes adataihoz.<\/p><\/li><li style=\"font-size: 22px;\"><p style=\"font-size: 22px;\">Helyesb\u00edt\u00e9shez val\u00f3 jog: \u00d6n b\u00e1rmikor jogosult szem\u00e9lyes adatait kieg\u00e9sz\u00edteni, helyesb\u00edteni, t\u00f6r\u00f6lni vagy z\u00e1rolni.<\/p><\/li><li style=\"font-size: 22px;\"><p style=\"font-size: 22px;\">Ha hozz\u00e1j\u00e1rul\u00e1s\u00e1t adja adatai feldolgoz\u00e1s\u00e1hoz, \u00d6nnek jog\u00e1ban \u00e1ll visszavonni a hozz\u00e1j\u00e1rul\u00e1s\u00e1t, \u00e9s t\u00f6r\u00f6lni szem\u00e9lyes adatait.<\/p><\/li><li style=\"font-size: 22px;\"><p style=\"font-size: 22px;\">Adatai tov\u00e1bb\u00edt\u00e1s\u00e1nak joga: jogosult arra, hogy minden szem\u00e9lyes adat\u00e1t az adatkezel\u0151t\u0151l k\u00e9rje, \u00e9s azokat teljes eg\u00e9sz\u00e9ben egy m\u00e1sik adatkezel\u0151nek tov\u00e1bb\u00edtsa.<\/p><\/li><li style=\"font-size: 22px;\"><p style=\"font-size: 22px;\">Tiltakoz\u00e1si jog: \u00d6n tiltakozhat adatai kezel\u00e9se ellen. Ennek betartjuk, kiv\u00e9ve, ha az adatkezel\u00e9snek indokolt oka van.<\/p><\/li><\/ul><p style=\"font-variant-ligatures: normal; font-variant-caps: normal; font-family: Sora, sans-serif; font-size: 22px; font-style: normal; font-weight: 400;\">K\u00e9rj\u00fck, \u00fcgyeljen arra, hogy mindig egy\u00e9rtelm\u0171en jelezze, ki \u00d6n, hogy biztosak lehess\u00fcnk abban, hogy nem a megfelel\u0151 szem\u00e9ly adatait m\u00f3dos\u00edtjuk vagy t\u00f6r\u00f6lj\u00fck.<\/p><h1 style=\"font-variant-ligatures: normal; font-variant-caps: normal; font-family: Sora, sans-serif; font-style: normal; color: #333333;\"><u style=\"font-size: 23px;\">8. Panasz beny\u00fajt\u00e1sa<\/u><\/h1><p style=\"font-variant-ligatures: normal; font-variant-caps: normal; font-family: Sora, sans-serif; font-size: 22px; font-style: normal; font-weight: 400;\">Ha \u00d6n nem el\u00e9gedett azzal, ahogyan szem\u00e9lyes adatainak kezel\u00e9s\u00e9t kezelj\u00fck (panasz), jogosult panaszt beny\u00fajtani az Adatv\u00e9delmi Hat\u00f3s\u00e1ghoz.<\/p><h1 style=\"font-variant-ligatures: normal; font-variant-caps: normal; font-family: Sora, sans-serif; font-style: normal; color: #333333;\"><u style=\"font-size: 23px;\">9. El\u00e9rhet\u0151s\u00e9gek<\/u><\/h1><p style=\"font-variant-ligatures: normal; font-variant-caps: normal; font-family: Sora, sans-serif; font-size: 22px; font-style: normal; font-weight: 400;\"><span style=\"font-size: 22px; font-weight: bolder;\">New Style Euro Kft.<\/span><\/p><p style=\"font-variant-ligatures: normal; font-variant-caps: normal; font-family: Raleway, sans-serif; font-size: 20px; font-style: normal; font-weight: 400;\"><span style=\"font-size: 20px;\">Ad\u00f3sz\u00e1m:<\/span>\u00a023853658-2-03<br \/><span style=\"font-size: 20px;\">C\u00e9gjegyz\u00e9ksz\u00e1m:<\/span>\u00a003 09 124273<br \/><span style=\"font-size: 20px;\">Nyilv\u00e1ntart\u00e1sba vev\u0151 hat\u00f3s\u00e1g:<\/span>\u00a0Kecskem\u00e9ti T\u00f6rv\u00e9nysz\u00e9k C\u00e9gb\u00edr\u00f3s\u00e1ga<br \/><span style=\"font-size: 20px;\">Sz\u00e9khely:<\/span>\u00a06400\u00a0Kiskunhalas, Szil\u00e1dy \u00c1ron utca 11. fszt. 8.<\/p><p style=\"font-variant-ligatures: normal; font-variant-caps: normal; font-family: Raleway, sans-serif; font-size: 20px; font-style: normal; font-weight: 400;\"><span style=\"font-size: 20px;\">Weboldal:<\/span>\u00a0www.panoramafuggony.hu<br \/><span style=\"font-size: 20px;\">E-mail:<\/span>\u00a0info@panoramafuggony.hu<br \/><span style=\"font-size: 20px;\">Telefonsz\u00e1m:<\/span>\u00a0+36 70 33 29 589<\/p><p style=\"font-variant-ligatures: normal; font-variant-caps: normal; font-family: Raleway, sans-serif; font-size: 20px; font-style: normal; font-weight: 400;\"><span style=\"font-size: 20px;\">T\u00e1rhely szolg\u00e1ltat\u00f3:<\/span>\u00a0A2Hosting Inc.<\/p><h1 style=\"font-variant-ligatures: normal; font-variant-caps: normal; font-family: Sora, sans-serif; font-style: normal; color: #333333;\"><u style=\"font-size: 23px;\">10. Adatig\u00e9nyl\u00e9sek<\/u><\/h1><p style=\"font-variant-ligatures: normal; font-variant-caps: normal; font-family: Sora, sans-serif; font-size: 22px; font-style: normal; font-weight: 400;\">A leggyakrabban beny\u00fajtott k\u00e9r\u00e9sekhez adatig\u00e9nyl\u0151 \u0171rlapunk ig\u00e9nybev\u00e9tel\u00e9re is lehet\u0151s\u00e9get biztos\u00edtunk<\/p><p style=\"font-variant-ligatures: normal; font-variant-caps: normal; font-family: Sora, sans-serif; font-size: 22px; font-style: normal; font-weight: 400;\">N\u00e9v<\/p><p style=\"font-variant-ligatures: normal; font-variant-caps: normal; font-family: Sora, sans-serif; font-size: 22px; font-style: normal; font-weight: 400;\">Email<\/p><p style=\"font-variant-ligatures: normal; font-variant-caps: normal; font-family: Sora, sans-serif; font-size: 22px; font-style: normal; font-weight: 400;\">K\u00e9relmet ny\u00fajtson be az \u00e1ltalunk kezelt adatokhoz val\u00f3 hozz\u00e1f\u00e9r\u00e9s ir\u00e1nt.<\/p><p style=\"font-variant-ligatures: normal; font-variant-caps: normal; font-family: Sora, sans-serif; font-size: 22px; font-style: normal; font-weight: 400;\">K\u00e9rem az adatok t\u00f6rl\u00e9s\u00e9t, ha az m\u00e1r nem relev\u00e1ns.<\/p><p style=\"font-variant-ligatures: normal; font-variant-caps: normal; font-family: Sora, sans-serif; font-size: 22px; font-style: normal; font-weight: 400;\">Ny\u00fajtsa be k\u00e9relm\u00e9t, hogy megkapja az \u00d6nr\u0151l feldolgozott adatok exportf\u00e1jlj\u00e1t.<\/p><h1 style=\"font-variant-ligatures: normal; font-variant-caps: normal; font-family: Sora, sans-serif; font-style: normal; color: #333333;\"><u style=\"font-size: 23px;\">Mell\u00e9klet<\/u><\/h1><p style=\"font-variant-ligatures: normal; font-variant-caps: normal; font-family: Sora, sans-serif; font-size: 22px; font-style: normal; font-weight: 400;\">A WPML cookie-kat haszn\u00e1l a l\u00e1togat\u00f3 aktu\u00e1lis nyelv\u00e9nek, az utolj\u00e1ra l\u00e1togatott nyelvnek \u00e9s a bejelentkezett felhaszn\u00e1l\u00f3k nyelv\u00e9nek azonos\u00edt\u00e1s\u00e1ra.<\/p><h1 style=\"font-variant-ligatures: normal; font-variant-caps: normal; font-family: Sora, sans-serif; font-style: normal; color: #333333;\"><u style=\"font-size: 23px;\">Akismet<\/u><\/h1><p style=\"font-variant-ligatures: normal; font-variant-caps: normal; font-family: Sora, sans-serif; font-size: 22px; font-style: normal; font-weight: 400;\">Inform\u00e1ci\u00f3kat gy\u0171jt\u00fcnk azokr\u00f3l a l\u00e1togat\u00f3kr\u00f3l, akik hozz\u00e1sz\u00f3lnak az Akismet anti-spam szolg\u00e1ltat\u00e1sunkat haszn\u00e1l\u00f3 webhelyekhez. Az \u00e1ltalunk gy\u0171jt\u00f6tt inform\u00e1ci\u00f3k att\u00f3l f\u00fcggnek, hogy a felhaszn\u00e1l\u00f3 hogyan \u00e1ll\u00edtja be az Akismet-et a webhelyhez, de \u00e1ltal\u00e1ban tartalmazza a hozz\u00e1sz\u00f3l\u00f3 IP-c\u00edm\u00e9t, felhaszn\u00e1l\u00f3i \u00fcgyn\u00f6k\u00e9t, hivatkoz\u00f3j\u00e1t \u00e9s a webhely URL-j\u00e9t (a hozz\u00e1sz\u00f3l\u00f3 \u00e1ltal k\u00f6zvetlen\u00fcl megadott egy\u00e9b inform\u00e1ci\u00f3kkal egy\u00fctt, mint p\u00e9ld\u00e1ul a neve, felhaszn\u00e1l\u00f3neve, e-mail c\u00edme). c\u00edmet \u00e9s mag\u00e1t a megjegyz\u00e9st).<\/p><h1 style=\"font-variant-ligatures: normal; font-variant-caps: normal; font-family: Sora, sans-serif; font-style: normal; color: #333333;\"><u style=\"font-size: 23px;\">Complianz | A WordPress adatv\u00e9delmi csomagja<\/u><\/h1><p style=\"font-variant-ligatures: normal; font-variant-caps: normal; font-family: Sora, sans-serif; font-size: 22px; font-style: normal; font-weight: 400;\">Ez a webhely a Complianz Privacy Suite for WordPress csomagj\u00e1t haszn\u00e1lja a b\u00f6ng\u00e9sz\u0151- \u00e9s eszk\u00f6zalap\u00fa hozz\u00e1j\u00e1rul\u00e1sok gy\u0171jt\u00e9s\u00e9re \u00e9s r\u00f6gz\u00edt\u00e9s\u00e9re. Ehhez a funkci\u00f3hoz az \u00d6n IP-c\u00edm\u00e9t anonimiz\u00e1ljuk, \u00e9s adatb\u00e1zisunkban t\u00e1roljuk. Ez a szolg\u00e1ltat\u00e1s nem dolgoz fel semmilyen szem\u00e9lyazonos\u00edt\u00e1sra alkalmas inform\u00e1ci\u00f3t, \u00e9s semmilyen adatot nem oszt meg a szolg\u00e1ltat\u00f3val. Tov\u00e1bbi inform\u00e1ci\u00f3k\u00e9rt l\u00e1sd a Complianz\u00a0<a style=\"font-size: 22px; transition-property: all;\" href=\"https:\/\/complianz.io\/legal\/privacy-statement\/\">adatv\u00e9delmi nyilatkozat\u00e1t<\/a>.<\/p><h1 style=\"font-variant-ligatures: normal; font-variant-caps: normal; font-family: Sora, sans-serif; font-style: normal; color: #333333;\"><u style=\"font-size: 23px;\">WPML ford\u00edt\u00e1skezel\u00e9s<\/u><\/h1><p style=\"font-variant-ligatures: normal; font-variant-caps: normal; font-family: Sora, sans-serif; font-size: 22px; font-style: normal; font-weight: 400;\">A WPML Translation Management elk\u00fcldi minden menedzser \u00e9s hozz\u00e1rendelt ford\u00edt\u00f3 e-mail c\u00edm\u00e9t \u00e9s nev\u00e9t, valamint mag\u00e1t a tartalmat az Advanced Translation Editornak \u00e9s a haszn\u00e1lt ford\u00edt\u00f3i szolg\u00e1ltat\u00e1soknak.<\/p><h1 style=\"font-variant-ligatures: normal; font-variant-caps: normal; font-family: Sora, sans-serif; font-style: normal; color: #333333;\"><u style=\"font-size: 23px;\">Burst statisztika<\/u><\/h1><p style=\"font-variant-ligatures: normal; font-variant-caps: normal; font-family: Sora, sans-serif; font-size: 22px; font-style: normal; font-weight: 400;\">Ez a webhely a Burst Statistics-ot, egy adatv\u00e9delmi-bar\u00e1t statisztikai eszk\u00f6zt haszn\u00e1lja a l\u00e1togat\u00f3k viselked\u00e9s\u00e9nek elemz\u00e9s\u00e9re. Ehhez a funkci\u00f3hoz (ez a webhely) anonimiz\u00e1lt adatokat gy\u0171jt\u00fcnk, amelyeket helyben t\u00e1rolunk an\u00e9lk\u00fcl, hogy megosztan\u00e1nk azokat m\u00e1s felekkel. Tov\u00e1bbi inform\u00e1ci\u00f3\u00e9rt olvassa el aBurst\u00a0<a style=\"font-size: 22px; transition-property: all;\" href=\"https:\/\/burst-statistics.com\/legal\/privacy-statement\/\">adatv\u00e9delmi nyilatkozat\u00e1t.<\/a><\/p>\t\t\t\t\t\t\t\t<\/div>\n\t\t\t\t<\/div>\n\t\t\t\t\t<\/div>\n\t\t\t\t<\/div>\n\t\t\t\t<\/div>\n\t\t","protected":false},"excerpt":{"rendered":"<p>ADATV\u00c9DELMI SZAB\u00c1LYZAT Ezt az adatv\u00e9delmi nyilatkozatot legut\u00f3bb 2025. febru\u00e1r 6-\u00e1n friss\u00edtett\u00e9k, \u00e9s az Eur\u00f3pai Gazdas\u00e1gi T\u00e9rs\u00e9g \u00e9s Sv\u00e1jc \u00e1llampolg\u00e1raira \u00e9s t\u00f6rv\u00e9nyes \u00e1lland\u00f3 lakosaira vonatkozik. Ebben az adatv\u00e9delmi nyilatkozatban elmagyar\u00e1zzuk, mit tesz\u00fcnk az \u00d6nr\u0151l panoramafuggony.hu weboldalon kereszt\u00fcl megszerzett adatokkal. Javasoljuk, hogy figyelmesen olvassa el ezt a nyilatkozatot. Feldolgoz\u00e1sunk sor\u00e1n betartjuk az adatv\u00e9delmi jogszab\u00e1lyok el\u0151\u00edr\u00e1sait. Ez t\u00f6bbek k\u00f6z\u00f6tt azt jelenti, hogy: egy\u00e9rtelm\u0171en meghat\u00e1rozzuk, hogy milyen c\u00e9lb\u00f3l kezelj\u00fck a szem\u00e9lyes adatokat. Ezt ezen adatv\u00e9delmi nyilatkozat seg\u00edts\u00e9g\u00e9vel tessz\u00fck; t\u00f6reksz\u00fcnk arra, hogy a szem\u00e9lyes adatok gy\u0171jt\u00e9s\u00e9t csak a t\u00f6rv\u00e9nyes c\u00e9lokhoz sz\u00fcks\u00e9ges szem\u00e9lyes adatokra korl\u00e1tozzuk; el\u0151sz\u00f6r kifejezett hozz\u00e1j\u00e1rul\u00e1s\u00e1t k\u00e9rj\u00fck szem\u00e9lyes adatainak feldolgoz\u00e1s\u00e1hoz az \u00d6n hozz\u00e1j\u00e1rul\u00e1s\u00e1t ig\u00e9nyl\u0151 esetekben; megfelel\u0151 biztons\u00e1gi int\u00e9zked\u00e9seket tesz\u00fcnk az \u00d6n szem\u00e9lyes adatainak v\u00e9delme \u00e9rdek\u00e9ben, \u00e9s ezt megk\u00f6vetelj\u00fck azokt\u00f3l a felekt\u0151l is, amelyek a nev\u00fcnkben szem\u00e9lyes adatokat dolgoznak fel; tiszteletben tartjuk az \u00d6n szem\u00e9lyes adataihoz val\u00f3 hozz\u00e1f\u00e9r\u00e9si jog\u00e1t, illetve k\u00e9r\u00e9s\u00e9re azok helyesb\u00edt\u00e9s\u00e9t vagy t\u00f6rl\u00e9s\u00e9t. Ha k\u00e9rd\u00e9se van, vagy szeretn\u00e9 tudni, hogy pontosan milyen adatokat t\u00e1rolunk \u00d6nr\u0151l, forduljon hozz\u00e1nk. 1. C\u00e9l, adatok \u00e9s meg\u0151rz\u00e9si id\u0151 Szem\u00e9lyes adatokat gy\u0171jthet\u00fcnk vagy kaphatunk sz\u00e1mos \u00fczleti tev\u00e9kenys\u00e9g\u00fcnkkel kapcsolatos c\u00e9lb\u00f3l, amelyek a k\u00f6vetkez\u0151k lehetnek: (kattintson a kibont\u00e1shoz) 1.1 Kapcsolatfelv\u00e9tel \u2013 Telefonon, e-mailen, e-mailen \u00e9s\/vagy webes \u0171rlapokon kereszt\u00fcl Ebb\u0151l a c\u00e9lb\u00f3l az al\u00e1bbi adatokat haszn\u00e1ljuk fel: Egy email c\u00edmet IP-c\u00edm Internetes tev\u00e9kenys\u00e9gekkel kapcsolatos inform\u00e1ci\u00f3k, bele\u00e9rtve, de nem kiz\u00e1r\u00f3lagosan, a b\u00f6ng\u00e9sz\u00e9si el\u0151zm\u00e9nyeket, a keres\u00e9si el\u0151zm\u00e9nyeket, valamint a fogyaszt\u00f3 internetes webhelyekkel, alkalmaz\u00e1sokkal vagy hirdet\u00e9sekkel val\u00f3 interakci\u00f3j\u00e1ra vonatkoz\u00f3 inform\u00e1ci\u00f3kat Ezen adatok feldolgoz\u00e1s\u00e1nak alapja: Olyan szerz\u0151d\u00e9s teljes\u00edt\u00e9s\u00e9hez vagy olyan szerz\u0151d\u00e9ssel kapcsolatos el\u0151zetes elj\u00e1r\u00e1sokhoz sz\u00fcks\u00e9ges, amelyben az \u00e9rintett szerz\u0151d\u0151 f\u00e9l. Megtart\u00e1si id\u0151szak Ezeket az adatokat a szolg\u00e1ltat\u00e1s megsz\u0171n\u00e9s\u00e9ig \u0151rizz\u00fck. 1.2 Olyan szolg\u00e1ltat\u00e1sok vagy term\u00e9kek t\u00e1mogat\u00e1sa, amelyeket az \u00fcgyf\u00e9l v\u00e1s\u00e1rolni szeretne vagy v\u00e1s\u00e1rolt Ebb\u0151l a c\u00e9lb\u00f3l az al\u00e1bbi adatokat haszn\u00e1ljuk fel: Ut\u00f3- \u00e9s vezet\u00e9kn\u00e9v Egy email c\u00edmet IP-c\u00edm Ezen adatok feldolgoz\u00e1s\u00e1nak alapja: Olyan szerz\u0151d\u00e9s teljes\u00edt\u00e9s\u00e9hez vagy olyan szerz\u0151d\u00e9ssel kapcsolatos el\u0151zetes elj\u00e1r\u00e1sokhoz sz\u00fcks\u00e9ges, amelyben az \u00e9rintett szerz\u0151d\u0151 f\u00e9l. Megtart\u00e1si id\u0151szak Ezeket az adatokat a szolg\u00e1ltat\u00e1s megsz\u0171n\u00e9s\u00e9ig \u0151rizz\u00fck. 1.3 Statisztik\u00e1k \u00f6ssze\u00e1ll\u00edt\u00e1sa \u00e9s elemz\u00e9se a webhely fejleszt\u00e9se \u00e9rdek\u00e9ben. Ebb\u0151l a c\u00e9lb\u00f3l az al\u00e1bbi adatokat haszn\u00e1ljuk fel: Internetes tev\u00e9kenys\u00e9gekkel kapcsolatos inform\u00e1ci\u00f3k, bele\u00e9rtve, de nem kiz\u00e1r\u00f3lagosan, a b\u00f6ng\u00e9sz\u00e9si el\u0151zm\u00e9nyeket, a keres\u00e9si el\u0151zm\u00e9nyeket, valamint a fogyaszt\u00f3 internetes webhelyekkel, alkalmaz\u00e1sokkal vagy hirdet\u00e9sekkel val\u00f3 interakci\u00f3j\u00e1ra vonatkoz\u00f3 inform\u00e1ci\u00f3kat Ezen adatok feldolgoz\u00e1s\u00e1nak alapja: A hozz\u00e1j\u00e1rul\u00e1s megad\u00e1s\u00e1val. Megtart\u00e1si id\u0151szak Ezeket az adatokat a szolg\u00e1ltat\u00e1s megsz\u0171n\u00e9sekor a k\u00f6vetkez\u0151 h\u00f3napokig \u0151rizz\u00fck meg: 12 h\u00f3nap 1.4 Adatok \u00e9rt\u00e9kes\u00edt\u00e9se vagy megoszt\u00e1sa harmadik f\u00e9llel Ebb\u0151l a c\u00e9lb\u00f3l az al\u00e1bbi adatokat haszn\u00e1ljuk fel: Internetes tev\u00e9kenys\u00e9gekkel kapcsolatos inform\u00e1ci\u00f3k, bele\u00e9rtve, de nem kiz\u00e1r\u00f3lagosan, a b\u00f6ng\u00e9sz\u00e9si el\u0151zm\u00e9nyeket, a keres\u00e9si el\u0151zm\u00e9nyeket, valamint a fogyaszt\u00f3 internetes webhelyekkel, alkalmaz\u00e1sokkal vagy hirdet\u00e9sekkel val\u00f3 interakci\u00f3j\u00e1ra vonatkoz\u00f3 inform\u00e1ci\u00f3kat Ezen adatok feldolgoz\u00e1s\u00e1nak alapja: Olyan szerz\u0151d\u00e9s teljes\u00edt\u00e9s\u00e9hez vagy olyan szerz\u0151d\u00e9ssel kapcsolatos el\u0151zetes elj\u00e1r\u00e1sokhoz sz\u00fcks\u00e9ges, amelyben az \u00e9rintett szerz\u0151d\u0151 f\u00e9l. Megtart\u00e1si id\u0151szak A meg\u0151rz\u00e9si id\u0151szakot r\u00f6gz\u00edtett objekt\u00edv krit\u00e9riumok szerint hat\u00e1rozzuk meg: A gy\u0171jt\u00f6tt adatok domainek \u00e9s a domainen tal\u00e1lhat\u00f3 cookie-nevek. Ezeket kereszthivatkoz\u00e1sra haszn\u00e1lj\u00e1k, \u00e9s a cookie t\u00f6rl\u00e9sekor t\u00f6rl\u0151dnek. Ezeket az adatokat a cookie c\u00e9lj\u00e1nak \u00e9s funkci\u00f3inak kutat\u00e1s\u00e1ra haszn\u00e1ljuk fel, a domainre soha nem hivatkozunk a kutat\u00e1s sor\u00e1n, \u00e9s soha nem lesz megosztva. A cookie n\u00e9v, amely nyilv\u00e1nos adat, nem kapcsol\u00f3dik a felhaszn\u00e1l\u00f3hoz, \u00e9s a szolg\u00e1ltat\u00e1st\u00f3l elt\u00e9r\u0151 forr\u00e1s n\u00e9lk\u00fcl ker\u00fcl k\u00f6zz\u00e9t\u00e9telre. 2. Cookie-k Weboldalunk cookie-kat haszn\u00e1l. A cookie-kkal kapcsolatos tov\u00e1bbi inform\u00e1ci\u00f3k\u00e9rt tekintse meg\u00a0Cookie-szab\u00e1lyzatunkat. 3. K\u00f6zz\u00e9t\u00e9teli gyakorlat Szem\u00e9lyes adatokat akkor adunk ki, ha t\u00f6rv\u00e9ny vagy b\u00edr\u00f3s\u00e1gi v\u00e9gz\u00e9s, b\u0171n\u00fcld\u00f6z\u0151 szervnek v\u00e1laszul, az egy\u00e9b jogszab\u00e1lyi rendelkez\u00e9sek \u00e1ltal megengedett m\u00e9rt\u00e9kben adatszolg\u00e1ltat\u00e1sra vagy k\u00f6zbiztons\u00e1ggal kapcsolatos \u00fcgy vizsg\u00e1lat\u00e1ra k\u00f6teleznek benn\u00fcnket. Ha webhely\u00fcnket vagy szervezet\u00fcnket \u00e1tveszik, eladj\u00e1k, vagy egyes\u00fcl\u00e9sben vagy felv\u00e1s\u00e1rl\u00e1sban vesznek r\u00e9szt, adatait felfedhetj\u00fck tan\u00e1csad\u00f3inkkal \u00e9s b\u00e1rmely lehets\u00e9ges v\u00e1s\u00e1rl\u00f3val, \u00e9s tov\u00e1bbadjuk az \u00faj tulajdonosoknak. 4. Biztons\u00e1g Elk\u00f6telezettek vagyunk a szem\u00e9lyes adatok biztons\u00e1ga mellett. Megfelel\u0151 biztons\u00e1gi int\u00e9zked\u00e9seket tesz\u00fcnk a szem\u00e9lyes adatokkal val\u00f3 vissza\u00e9l\u00e9s \u00e9s az azokhoz val\u00f3 jogosulatlan hozz\u00e1f\u00e9r\u00e9s korl\u00e1toz\u00e1sa \u00e9rdek\u00e9ben. Ez biztos\u00edtja, hogy csak a sz\u00fcks\u00e9ges szem\u00e9lyek f\u00e9rhessenek hozz\u00e1 az \u00d6n adataihoz, hogy az adatokhoz val\u00f3 hozz\u00e1f\u00e9r\u00e9s v\u00e9dett, \u00e9s biztons\u00e1gi int\u00e9zked\u00e9seinket rendszeresen fel\u00fclvizsg\u00e1ljuk. 5. Harmadik f\u00e9l webhelyei Ez az adatv\u00e9delmi nyilatkozat nem vonatkozik a weboldalunkon tal\u00e1lhat\u00f3 hivatkoz\u00e1sokkal \u00f6sszekapcsolt harmadik felek webhelyeire. Nem tudjuk garant\u00e1lni, hogy ezek a harmadik felek az \u00d6n szem\u00e9lyes adatait megb\u00edzhat\u00f3 vagy biztons\u00e1gos m\u00f3don kezelik. Javasoljuk, hogy olvassa el ezen webhelyek adatv\u00e9delmi nyilatkozatait, miel\u0151tt ezeket a webhelyeket haszn\u00e1ln\u00e1. 6. Jelen adatv\u00e9delmi nyilatkozat m\u00f3dos\u00edt\u00e1sai Fenntartjuk a jogot jelen adatv\u00e9delmi nyilatkozat m\u00f3dos\u00edt\u00e1s\u00e1ra. Javasoljuk, hogy rendszeresen olvassa el ezt az adatv\u00e9delmi nyilatkozatot, hogy t\u00e1j\u00e9koz\u00f3djon az esetleges v\u00e1ltoz\u00e1sokr\u00f3l. Emellett lehet\u0151s\u00e9g szerint akt\u00edvan t\u00e1j\u00e9koztatjuk \u00d6nt. 7. Az adatok el\u00e9r\u00e9se \u00e9s m\u00f3dos\u00edt\u00e1sa Ha b\u00e1rmilyen k\u00e9rd\u00e9se van, vagy szeretn\u00e9 tudni, hogy milyen szem\u00e9lyes adatokkal rendelkez\u00fcnk \u00d6nr\u0151l, k\u00e9rj\u00fck, l\u00e9pjen kapcsolatba vel\u00fcnk. Az al\u00e1bbi inform\u00e1ci\u00f3k seg\u00edts\u00e9g\u00e9vel veheti fel vel\u00fcnk a kapcsolatot. \u00d6n a k\u00f6vetkez\u0151 jogokkal rendelkezik: \u00d6nnek joga van tudni, hogy mi\u00e9rt van sz\u00fcks\u00e9g szem\u00e9lyes adataira, mi t\u00f6rt\u00e9nik vel\u00fck, \u00e9s mennyi ideig \u0151rzik meg azokat. Hozz\u00e1f\u00e9r\u00e9si jog: \u00d6nnek joga van hozz\u00e1f\u00e9rni az \u00e1ltalunk ismert szem\u00e9lyes adataihoz. Helyesb\u00edt\u00e9shez val\u00f3 jog: \u00d6n b\u00e1rmikor jogosult szem\u00e9lyes adatait kieg\u00e9sz\u00edteni, helyesb\u00edteni, t\u00f6r\u00f6lni vagy z\u00e1rolni. Ha hozz\u00e1j\u00e1rul\u00e1s\u00e1t adja adatai feldolgoz\u00e1s\u00e1hoz, \u00d6nnek jog\u00e1ban \u00e1ll visszavonni a hozz\u00e1j\u00e1rul\u00e1s\u00e1t, \u00e9s t\u00f6r\u00f6lni szem\u00e9lyes adatait. Adatai tov\u00e1bb\u00edt\u00e1s\u00e1nak joga: jogosult arra, hogy minden szem\u00e9lyes adat\u00e1t az adatkezel\u0151t\u0151l k\u00e9rje, \u00e9s azokat teljes eg\u00e9sz\u00e9ben egy m\u00e1sik adatkezel\u0151nek tov\u00e1bb\u00edtsa. Tiltakoz\u00e1si jog: \u00d6n tiltakozhat adatai kezel\u00e9se ellen. Ennek betartjuk, kiv\u00e9ve, ha az adatkezel\u00e9snek indokolt oka van. K\u00e9rj\u00fck, \u00fcgyeljen arra, hogy mindig egy\u00e9rtelm\u0171en jelezze, ki \u00d6n, hogy biztosak lehess\u00fcnk abban, hogy nem a megfelel\u0151 szem\u00e9ly adatait m\u00f3dos\u00edtjuk vagy t\u00f6r\u00f6lj\u00fck. 8. Panasz beny\u00fajt\u00e1sa Ha \u00d6n nem el\u00e9gedett azzal, ahogyan szem\u00e9lyes adatainak kezel\u00e9s\u00e9t kezelj\u00fck (panasz), jogosult panaszt beny\u00fajtani az Adatv\u00e9delmi Hat\u00f3s\u00e1ghoz. 9. El\u00e9rhet\u0151s\u00e9gek New Style Euro Kft. Ad\u00f3sz\u00e1m:\u00a023853658-2-03C\u00e9gjegyz\u00e9ksz\u00e1m:\u00a003 09 124273Nyilv\u00e1ntart\u00e1sba vev\u0151 hat\u00f3s\u00e1g:\u00a0Kecskem\u00e9ti T\u00f6rv\u00e9nysz\u00e9k C\u00e9gb\u00edr\u00f3s\u00e1gaSz\u00e9khely:\u00a06400\u00a0Kiskunhalas, Szil\u00e1dy \u00c1ron utca 11. fszt. 8. Weboldal:\u00a0www.panoramafuggony.huE-mail:\u00a0info@panoramafuggony.huTelefonsz\u00e1m:\u00a0+36 70 33 29 589 T\u00e1rhely szolg\u00e1ltat\u00f3:\u00a0A2Hosting Inc. 10. Adatig\u00e9nyl\u00e9sek A leggyakrabban beny\u00fajtott k\u00e9r\u00e9sekhez adatig\u00e9nyl\u0151 \u0171rlapunk ig\u00e9nybev\u00e9tel\u00e9re is lehet\u0151s\u00e9get biztos\u00edtunk N\u00e9v Email K\u00e9relmet ny\u00fajtson be az \u00e1ltalunk kezelt adatokhoz val\u00f3 hozz\u00e1f\u00e9r\u00e9s ir\u00e1nt. K\u00e9rem az adatok t\u00f6rl\u00e9s\u00e9t, ha az m\u00e1r nem relev\u00e1ns. Ny\u00fajtsa be k\u00e9relm\u00e9t, hogy megkapja az \u00d6nr\u0151l feldolgozott adatok exportf\u00e1jlj\u00e1t. Mell\u00e9klet A WPML cookie-kat haszn\u00e1l a l\u00e1togat\u00f3 aktu\u00e1lis nyelv\u00e9nek, az utolj\u00e1ra l\u00e1togatott nyelvnek \u00e9s a bejelentkezett felhaszn\u00e1l\u00f3k nyelv\u00e9nek azonos\u00edt\u00e1s\u00e1ra. Akismet Inform\u00e1ci\u00f3kat gy\u0171jt\u00fcnk azokr\u00f3l a l\u00e1togat\u00f3kr\u00f3l, akik hozz\u00e1sz\u00f3lnak az Akismet anti-spam szolg\u00e1ltat\u00e1sunkat haszn\u00e1l\u00f3 webhelyekhez. Az \u00e1ltalunk gy\u0171jt\u00f6tt inform\u00e1ci\u00f3k att\u00f3l f\u00fcggnek, hogy a felhaszn\u00e1l\u00f3 hogyan \u00e1ll\u00edtja be az Akismet-et a webhelyhez, de \u00e1ltal\u00e1ban tartalmazza a hozz\u00e1sz\u00f3l\u00f3 IP-c\u00edm\u00e9t, felhaszn\u00e1l\u00f3i<\/p>\n","protected":false},"author":1,"featured_media":0,"parent":0,"menu_order":0,"comment_status":"closed","ping_status":"closed","template":"","meta":{"ocean_post_layout":"","ocean_both_sidebars_style":"","ocean_both_sidebars_content_width":0,"ocean_both_sidebars_sidebars_width":0,"ocean_sidebar":"","ocean_second_sidebar":"","ocean_disable_margins":"enable","ocean_add_body_class":"","ocean_shortcode_before_top_bar":"","ocean_shortcode_after_top_bar":"","ocean_shortcode_before_header":"","ocean_shortcode_after_header":"","ocean_has_shortcode":"","ocean_shortcode_after_title":"","ocean_shortcode_before_footer_widgets":"","ocean_shortcode_after_footer_widgets":"","ocean_shortcode_before_footer_bottom":"","ocean_shortcode_after_footer_bottom":"","ocean_display_top_bar":"default","ocean_display_header":"default","ocean_header_style":"","ocean_center_header_left_menu":"","ocean_custom_header_template":"","ocean_custom_logo":0,"ocean_custom_retina_logo":0,"ocean_custom_logo_max_width":0,"ocean_custom_logo_tablet_max_width":0,"ocean_custom_logo_mobile_max_width":0,"ocean_custom_logo_max_height":0,"ocean_custom_logo_tablet_max_height":0,"ocean_custom_logo_mobile_max_height":0,"ocean_header_custom_menu":"","ocean_menu_typo_font_family":"","ocean_menu_typo_font_subset":"","ocean_menu_typo_font_size":0,"ocean_menu_typo_font_size_tablet":0,"ocean_menu_typo_font_size_mobile":0,"ocean_menu_typo_font_size_unit":"px","ocean_menu_typo_font_weight":"","ocean_menu_typo_font_weight_tablet":"","ocean_menu_typo_font_weight_mobile":"","ocean_menu_typo_transform":"","ocean_menu_typo_transform_tablet":"","ocean_menu_typo_transform_mobile":"","ocean_menu_typo_line_height":0,"ocean_menu_typo_line_height_tablet":0,"ocean_menu_typo_line_height_mobile":0,"ocean_menu_typo_line_height_unit":"","ocean_menu_typo_spacing":0,"ocean_menu_typo_spacing_tablet":0,"ocean_menu_typo_spacing_mobile":0,"ocean_menu_typo_spacing_unit":"","ocean_menu_link_color":"","ocean_menu_link_color_hover":"","ocean_menu_link_color_active":"","ocean_menu_link_background":"","ocean_menu_link_hover_background":"","ocean_menu_link_active_background":"","ocean_menu_social_links_bg":"","ocean_menu_social_hover_links_bg":"","ocean_menu_social_links_color":"","ocean_menu_social_hover_links_color":"","ocean_disable_title":"default","ocean_disable_heading":"default","ocean_post_title":"","ocean_post_subheading":"","ocean_post_title_style":"","ocean_post_title_background_color":"","ocean_post_title_background":0,"ocean_post_title_bg_image_position":"","ocean_post_title_bg_image_attachment":"","ocean_post_title_bg_image_repeat":"","ocean_post_title_bg_image_size":"","ocean_post_title_height":0,"ocean_post_title_bg_overlay":0.5,"ocean_post_title_bg_overlay_color":"","ocean_disable_breadcrumbs":"default","ocean_breadcrumbs_color":"","ocean_breadcrumbs_separator_color":"","ocean_breadcrumbs_links_color":"","ocean_breadcrumbs_links_hover_color":"","ocean_display_footer_widgets":"default","ocean_display_footer_bottom":"default","ocean_custom_footer_template":"","footnotes":""},"class_list":["post-900","page","type-page","status-publish","hentry","entry","owp-thumbs-layout-horizontal","owp-btn-normal","owp-tabs-layout-horizontal","has-no-thumbnails"],"_links":{"self":[{"href":"https:\/\/panoramafuggony.hu\/index.php\/wp-json\/wp\/v2\/pages\/900","targetHints":{"allow":["GET"]}}],"collection":[{"href":"https:\/\/panoramafuggony.hu\/index.php\/wp-json\/wp\/v2\/pages"}],"about":[{"href":"https:\/\/panoramafuggony.hu\/index.php\/wp-json\/wp\/v2\/types\/page"}],"author":[{"embeddable":true,"href":"https:\/\/panoramafuggony.hu\/index.php\/wp-json\/wp\/v2\/users\/1"}],"replies":[{"embeddable":true,"href":"https:\/\/panoramafuggony.hu\/index.php\/wp-json\/wp\/v2\/comments?post=900"}],"version-history":[{"count":7,"href":"https:\/\/panoramafuggony.hu\/index.php\/wp-json\/wp\/v2\/pages\/900\/revisions"}],"predecessor-version":[{"id":919,"href":"https:\/\/panoramafuggony.hu\/index.php\/wp-json\/wp\/v2\/pages\/900\/revisions\/919"}],"wp:attachment":[{"href":"https:\/\/panoramafuggony.hu\/index.php\/wp-json\/wp\/v2\/media?parent=900"}],"curies":[{"name":"wp","href":"https:\/\/api.w.org\/{rel}","templated":true}]}}